{"id":4566,"date":"2023-05-30T13:45:44","date_gmt":"2023-05-30T11:45:44","guid":{"rendered":"https:\/\/prmeble.com.pl\/?post_type=product&#038;p=4566"},"modified":"2026-01-29T12:58:52","modified_gmt":"2026-01-29T11:58:52","slug":"naroznik-madryt-u","status":"publish","type":"product","link":"https:\/\/prmeble.com.pl\/?product=naroznik-madryt-u","title":{"rendered":"Naro\u017cnik Madryt  U"},"content":{"rendered":"<p><strong>Naro\u017cnik z funkcj\u0105 spania MADRYT to nowoczesne, doskona\u0142e rozwi\u0105zanie dla wszystkich os\u00f3b, kt\u00f3rym zale\u017cy na tym, by ich salon by\u0142 miejscem komfortowo urz\u0105dzonym. \u017baden inny mebel nie jest nam bowiem w stanie zagwarantowa\u0107 tylu wygodnych miejsc odpoczynku dla ca\u0142ej rodziny.<\/strong><\/p>\n<p><strong>Co wi\u0119cej, meble tego rodzaju zazwyczaj prezentuj\u0105 si\u0119 bardzo efektownie stanowi\u0105c ciekawy akcent i prawdziw\u0105 ozdob\u0119 salonu. Nic wi\u0119c dziwnego, \u017ce s\u0105 coraz cz\u0119\u015bciej wybierane przez osoby, kt\u00f3rym zale\u017cy zar\u00f3wno na komforcie, jak i doskona\u0142ym, wysmakowanym wystroju mieszkania.<\/strong><\/p>\n<h2><strong>Komfort na najwy\u017cszym poziomie<\/strong><\/h2>\n<p>Meblem, kt\u00f3ry jest w stanie spe\u0142ni\u0107 oczekiwania nawet najbardziej wymagaj\u0105cych klient\u00f3w jest z ca\u0142\u0105 pewno\u015bci\u0105 naro\u017cnik z funkcj\u0105 spania Madryt. To po\u0142\u0105czenie doskona\u0142ego wzornictwa z najwy\u017csz\u0105 jako\u015bci\u0105 materia\u0142\u00f3w.<\/p>\n<p>Na pierwszy rzut oka mebel ten wygl\u0105da bardzo przytulnie i zach\u0119ca do wypoczynku. Wszystko to dzi\u0119ki licznym mi\u0119kkim poduszkom, kt\u00f3re nie tylko doskonale wp\u0142ywaj\u0105 na komfort siedz\u0105cych na tej sofie os\u00f3b, ale r\u00f3wnie\u017c stanowi\u0105 prawdziw\u0105 dekoracj\u0119, kt\u00f3ra wyr\u00f3\u017cnia ten naro\u017cnik spo\u015br\u00f3d setek innych.<\/p>\n<p>Mebel ten jest bardzo przestronny. Z powodzeniem zmieszcz\u0105 si\u0119 na nim nawet pi\u0119\u0107 os\u00f3b i ka\u017cda z nich b\u0119dzie mog\u0142a zrelaksowa\u0107 si\u0119 w idealnych warunkach. Wp\u0142yw na to ma doskona\u0142a jako\u015b\u0107 materia\u0142\u00f3w, kt\u00f3re stanowi\u0105 wype\u0142nienie tego niezwyk\u0142ego naro\u017cnika. Wykonane jest bowiem z pianki wysokoelastycznej, kt\u00f3ra doskonale dopasowuje si\u0119 do kszta\u0142tu cia\u0142a a jednocze\u015bnie nie odkszta\u0142ca si\u0119. Dzi\u0119ki temu mebel nie tylko prezentuje si\u0119 znakomicie, ale r\u00f3wnie\u017c zapewnia odpowiednie podparcie dla cia\u0142a. To sprawia, \u017ce odpoczywaj\u0105ce na nim osoby nigdy nie skar\u017c\u0105 si\u0119 na b\u00f3l plec\u00f3w lub inne niewygody.<\/p>\n<h2><strong>Nie tylko w ci\u0105gu dnia<\/strong><\/h2>\n<p>Naro\u017cnik Madryt nie jest jednak jedynie wygodn\u0105 sof\u0105. To r\u00f3wnie\u017c przestronne \u0142\u00f3\u017cko, kt\u00f3re doskonale sprawdzi si\u0119 nie tylko w sytuacji przyjazdu go\u015bci. Z powodzeniem mo\u017ce nam bowiem s\u0142u\u017cy\u0107 codziennie zapewniaj\u0105c idealne, komfortowe warunki do snu. Mebel ten posiada a\u017c trzy skrzynie na po\u015bciel, dzi\u0119ki czemu przeistoczenie go na powr\u00f3t w dzienn\u0105 sof\u0119 jest szybkie, proste i komfortowe.<\/p>\n<p>&nbsp;<\/p>\n<h2><strong>Informacje:<\/strong><\/h2>\n<p>Szeroko\u015b\u0107:\u00a0 310cm<br \/>\nG\u0142\u0119boko\u015b\u0107: 155cm<br \/>\nPowierzchnia spania: 270x135cm<\/p>\n<p>&nbsp;<\/p>\n<h2>Cechy:<\/h2>\n<ul>\n<li>Funkcja spania,<\/li>\n<li>a\u017c 3 pojemniki na po\u015bciel,<\/li>\n<li>Solidna i trwa\u0142a konstrukcja<\/li>\n<li>Mebel wolnostoj\u0105cy \u2013 obity tkanin\u0105 z ty\u0142u,<\/li>\n<li>Poduszki w zestawie z meblem<\/li>\n<li>Eleganckie n\u00f3\u017cki<\/li>\n<li>Kszta\u0142t litery U<\/li>\n<li>Nowoczesna forma<\/li>\n<\/ul>\n<p>&nbsp;<\/p>\n<p><b>DODATKOWE INFORMACJE:<\/b><\/p>\n<ul>\n<li>meble s\u0105 fabrycznie nowe, zapakowane w oryginalne opakowanie<\/li>\n<li>meble dostarczamy\u00a0 w paczkach, do samodzielnego monta\u017cu<\/li>\n<li>w zestawie za\u0142\u0105czona instrukcja monta\u017cu i wszystkie niezb\u0119dne elementy<\/li>\n<\/ul>\n<p>&nbsp;<\/p>\n<h3>Informacja o Dostawie:<\/h3>\n<p>Dostawa mebli odbywa si\u0119 w godzinach<strong>\u00a06:00 \u2013 23:00.<\/strong><br \/>\nKlient minimum\u00a0<strong>dzie\u0144 wcze\u015bniej otrzymuje wiadomo\u015b\u0107 sms<\/strong>\u00a0z dok\u0142adn\u0105 informacj\u0105 o przewidywanym czasie dostawy.<br \/>\nKierowca r\u00f3wnie\u017c\u00a0<strong>dzwoni<\/strong>\u00a0do klienta godzin\u0119 przed dostaw\u0105.<br \/>\nMeble dostarczane s\u0105 w paczkach do samodzielnego monta\u017cu i s\u0105 one oryginalnie zapakowane przez producenta.<br \/>\n<strong>Ze wzgl\u0119du na zdrowie naszych kierowc\u00f3w, nie maj\u0105 oni obowi\u0105zku ich wniesienia. W przypadku ch\u0119ci skorzystania z takiej us\u0142ugi, nale\u017cy ustali\u0107 szczeg\u00f3\u0142y bezpo\u015brednio z biurem lub w koszyku wybra\u0107 opcj\u0119 wniesienia<\/strong>\u00a0(Nie przy ka\u017cdym meblu jest ona dost\u0119pna).\u00a0<em><strong>Prosz\u0119 mie\u0107 na uwadze, \u017ce jest to us\u0142uga dodatkowo p\u0142atna.<\/strong><\/em><\/p>\n<p>&nbsp;<\/p>\n<h2><strong>Zach\u0119camy do zakupu!<\/strong><\/h2>\n","protected":false},"excerpt":{"rendered":"<p>Naro\u017cnik z funkcj\u0105 spania MADRYT to nowoczesne, doskona\u0142e rozwi\u0105zanie dla wszystkich os\u00f3b, kt\u00f3rym zale\u017cy na tym, by ich salon by\u0142 miejscem komfortowo urz\u0105dzonym. \u017baden inny mebel nie jest nam bowiem w stanie zagwarantowa\u0107 tylu wygodnych miejsc odpoczynku dla ca\u0142ej rodziny. Co wi\u0119cej, meble tego rodzaju zazwyczaj prezentuj\u0105 si\u0119 bardzo efektownie stanowi\u0105c ciekawy akcent i prawdziw\u0105 ozdob\u0119 salonu. Nic wi\u0119c dziwnego, \u017ce s\u0105 coraz cz\u0119\u015bciej wybierane przez osoby, kt\u00f3rym zale\u017cy zar\u00f3wno na komforcie, jak i doskona\u0142ym, wysmakowanym wystroju mieszkania. Komfort na najwy\u017cszym poziomie Meblem, kt\u00f3ry jest w stanie spe\u0142ni\u0107 oczekiwania nawet najbardziej wymagaj\u0105cych klient\u00f3w jest z ca\u0142\u0105 pewno\u015bci\u0105 naro\u017cnik z funkcj\u0105 spania Madryt. To po\u0142\u0105czenie doskona\u0142ego wzornictwa z najwy\u017csz\u0105 jako\u015bci\u0105 materia\u0142\u00f3w. Na pierwszy rzut oka mebel ten wygl\u0105da bardzo przytulnie i zach\u0119ca do wypoczynku. Wszystko to dzi\u0119ki licznym mi\u0119kkim poduszkom, kt\u00f3re nie tylko doskonale wp\u0142ywaj\u0105 na komfort siedz\u0105cych na tej sofie os\u00f3b, ale r\u00f3wnie\u017c stanowi\u0105 prawdziw\u0105 dekoracj\u0119, kt\u00f3ra wyr\u00f3\u017cnia ten naro\u017cnik spo\u015br\u00f3d setek innych. Mebel ten jest bardzo przestronny. Z powodzeniem zmieszcz\u0105 si\u0119 na nim nawet pi\u0119\u0107 os\u00f3b i ka\u017cda z nich b\u0119dzie mog\u0142a zrelaksowa\u0107 si\u0119 w idealnych warunkach. Wp\u0142yw na to ma doskona\u0142a jako\u015b\u0107 materia\u0142\u00f3w, kt\u00f3re stanowi\u0105 wype\u0142nienie tego niezwyk\u0142ego naro\u017cnika. Wykonane jest bowiem z pianki wysokoelastycznej, kt\u00f3ra doskonale dopasowuje si\u0119 do kszta\u0142tu cia\u0142a a jednocze\u015bnie nie odkszta\u0142ca si\u0119. Dzi\u0119ki temu mebel nie tylko prezentuje si\u0119 znakomicie, ale r\u00f3wnie\u017c zapewnia odpowiednie podparcie dla cia\u0142a. To sprawia, \u017ce odpoczywaj\u0105ce na nim osoby nigdy nie skar\u017c\u0105 si\u0119 na b\u00f3l plec\u00f3w lub inne niewygody. Nie tylko w ci\u0105gu dnia Naro\u017cnik Madryt nie jest jednak jedynie wygodn\u0105 sof\u0105. To r\u00f3wnie\u017c przestronne \u0142\u00f3\u017cko, kt\u00f3re doskonale sprawdzi si\u0119 nie tylko w sytuacji przyjazdu go\u015bci. Z powodzeniem mo\u017ce nam bowiem s\u0142u\u017cy\u0107 codziennie zapewniaj\u0105c idealne, komfortowe warunki do snu. Mebel ten posiada a\u017c trzy skrzynie na po\u015bciel, dzi\u0119ki czemu przeistoczenie go na powr\u00f3t w dzienn\u0105 sof\u0119 jest szybkie, proste i komfortowe. &nbsp; Informacje: Szeroko\u015b\u0107:\u00a0 310cm G\u0142\u0119boko\u015b\u0107: 155cm Powierzchnia spania: 270x135cm &nbsp; Cechy: Funkcja spania, a\u017c 3 pojemniki na po\u015bciel, Solidna i trwa\u0142a konstrukcja Mebel wolnostoj\u0105cy \u2013 obity tkanin\u0105 z ty\u0142u, Poduszki w zestawie z meblem Eleganckie n\u00f3\u017cki Kszta\u0142t litery U Nowoczesna forma &nbsp; DODATKOWE INFORMACJE: meble s\u0105 fabrycznie nowe, zapakowane w oryginalne opakowanie meble dostarczamy\u00a0 w paczkach, do samodzielnego monta\u017cu w zestawie za\u0142\u0105czona instrukcja monta\u017cu i wszystkie niezb\u0119dne elementy &nbsp; Informacja o Dostawie: Dostawa mebli odbywa si\u0119 w godzinach\u00a06:00 \u2013 23:00. Klient minimum\u00a0dzie\u0144 wcze\u015bniej otrzymuje wiadomo\u015b\u0107 sms\u00a0z dok\u0142adn\u0105 informacj\u0105 o przewidywanym czasie dostawy. Kierowca r\u00f3wnie\u017c\u00a0dzwoni\u00a0do klienta godzin\u0119 przed dostaw\u0105. Meble dostarczane s\u0105 w paczkach do samodzielnego monta\u017cu i s\u0105 one oryginalnie zapakowane przez producenta. Ze wzgl\u0119du na zdrowie naszych kierowc\u00f3w, nie maj\u0105 oni obowi\u0105zku ich wniesienia. W przypadku ch\u0119ci skorzystania z takiej us\u0142ugi, nale\u017cy ustali\u0107 szczeg\u00f3\u0142y bezpo\u015brednio z biurem lub w koszyku wybra\u0107 opcj\u0119 wniesienia\u00a0(Nie przy ka\u017cdym meblu jest ona dost\u0119pna).\u00a0Prosz\u0119 mie\u0107 na uwadze, \u017ce jest to us\u0142uga dodatkowo p\u0142atna. &nbsp; Zach\u0119camy do zakupu!<\/p>\n","protected":false},"featured_media":12616,"template":"","meta":[],"product_brand":[],"product_cat":[21],"product_tag":[104,90,106],"class_list":{"0":"post-4566","1":"product","2":"type-product","3":"status-publish","4":"has-post-thumbnail","6":"product_cat-narozniki","7":"product_tag-duzy","8":"product_tag-naroznik-z-funkcja-spania","9":"product_tag-u","11":"first","12":"instock","13":"shipping-taxable","14":"purchasable","15":"product-type-variable","16":"rtwpvs-product"},"yoast_head":"<!-- This site is optimized with the Yoast SEO plugin v27.3 - https:\/\/yoast.com\/product\/yoast-seo-wordpress\/ -->\n<title>Naro\u017cnik Madryt U - PR MEBLE -tanie i dobre - polski producent - sklep meblowy<\/title>\n<meta name=\"robots\" content=\"index, follow, max-snippet:-1, max-image-preview:large, max-video-preview:-1\" \/>\n<link rel=\"canonical\" href=\"https:\/\/prmeble.com.pl\/?product=naroznik-madryt-u\" \/>\n<meta property=\"og:locale\" content=\"pl_PL\" \/>\n<meta property=\"og:type\" content=\"article\" \/>\n<meta property=\"og:title\" content=\"Naro\u017cnik Madryt U - PR MEBLE -tanie i dobre - polski producent - sklep meblowy\" \/>\n<meta property=\"og:description\" content=\"Naro\u017cnik z funkcj\u0105 spania MADRYT to nowoczesne, doskona\u0142e rozwi\u0105zanie dla wszystkich os\u00f3b, kt\u00f3rym zale\u017cy na tym, by ich salon by\u0142 miejscem komfortowo urz\u0105dzonym. \u017baden inny mebel nie jest nam bowiem w stanie zagwarantowa\u0107 tylu wygodnych miejsc odpoczynku dla ca\u0142ej rodziny. Co wi\u0119cej, meble tego rodzaju zazwyczaj prezentuj\u0105 si\u0119 bardzo efektownie stanowi\u0105c ciekawy akcent i prawdziw\u0105 ozdob\u0119 salonu. Nic wi\u0119c dziwnego, \u017ce s\u0105 coraz cz\u0119\u015bciej wybierane przez osoby, kt\u00f3rym zale\u017cy zar\u00f3wno na komforcie, jak i doskona\u0142ym, wysmakowanym wystroju mieszkania. Komfort na najwy\u017cszym poziomie Meblem, kt\u00f3ry jest w stanie spe\u0142ni\u0107 oczekiwania nawet najbardziej wymagaj\u0105cych klient\u00f3w jest z ca\u0142\u0105 pewno\u015bci\u0105 naro\u017cnik z funkcj\u0105 spania Madryt. To po\u0142\u0105czenie doskona\u0142ego wzornictwa z najwy\u017csz\u0105 jako\u015bci\u0105 materia\u0142\u00f3w. Na pierwszy rzut oka mebel ten wygl\u0105da bardzo przytulnie i zach\u0119ca do wypoczynku. Wszystko to dzi\u0119ki licznym mi\u0119kkim poduszkom, kt\u00f3re nie tylko doskonale wp\u0142ywaj\u0105 na komfort siedz\u0105cych na tej sofie os\u00f3b, ale r\u00f3wnie\u017c stanowi\u0105 prawdziw\u0105 dekoracj\u0119, kt\u00f3ra wyr\u00f3\u017cnia ten naro\u017cnik spo\u015br\u00f3d setek innych. Mebel ten jest bardzo przestronny. Z powodzeniem zmieszcz\u0105 si\u0119 na nim nawet pi\u0119\u0107 os\u00f3b i ka\u017cda z nich b\u0119dzie mog\u0142a zrelaksowa\u0107 si\u0119 w idealnych warunkach. Wp\u0142yw na to ma doskona\u0142a jako\u015b\u0107 materia\u0142\u00f3w, kt\u00f3re stanowi\u0105 wype\u0142nienie tego niezwyk\u0142ego naro\u017cnika. Wykonane jest bowiem z pianki wysokoelastycznej, kt\u00f3ra doskonale dopasowuje si\u0119 do kszta\u0142tu cia\u0142a a jednocze\u015bnie nie odkszta\u0142ca si\u0119. Dzi\u0119ki temu mebel nie tylko prezentuje si\u0119 znakomicie, ale r\u00f3wnie\u017c zapewnia odpowiednie podparcie dla cia\u0142a. To sprawia, \u017ce odpoczywaj\u0105ce na nim osoby nigdy nie skar\u017c\u0105 si\u0119 na b\u00f3l plec\u00f3w lub inne niewygody. Nie tylko w ci\u0105gu dnia Naro\u017cnik Madryt nie jest jednak jedynie wygodn\u0105 sof\u0105. To r\u00f3wnie\u017c przestronne \u0142\u00f3\u017cko, kt\u00f3re doskonale sprawdzi si\u0119 nie tylko w sytuacji przyjazdu go\u015bci. Z powodzeniem mo\u017ce nam bowiem s\u0142u\u017cy\u0107 codziennie zapewniaj\u0105c idealne, komfortowe warunki do snu. Mebel ten posiada a\u017c trzy skrzynie na po\u015bciel, dzi\u0119ki czemu przeistoczenie go na powr\u00f3t w dzienn\u0105 sof\u0119 jest szybkie, proste i komfortowe. &nbsp; Informacje: Szeroko\u015b\u0107:\u00a0 310cm G\u0142\u0119boko\u015b\u0107: 155cm Powierzchnia spania: 270x135cm &nbsp; Cechy: Funkcja spania, a\u017c 3 pojemniki na po\u015bciel, Solidna i trwa\u0142a konstrukcja Mebel wolnostoj\u0105cy \u2013 obity tkanin\u0105 z ty\u0142u, Poduszki w zestawie z meblem Eleganckie n\u00f3\u017cki Kszta\u0142t litery U Nowoczesna forma &nbsp; DODATKOWE INFORMACJE: meble s\u0105 fabrycznie nowe, zapakowane w oryginalne opakowanie meble dostarczamy\u00a0 w paczkach, do samodzielnego monta\u017cu w zestawie za\u0142\u0105czona instrukcja monta\u017cu i wszystkie niezb\u0119dne elementy &nbsp; Informacja o Dostawie: Dostawa mebli odbywa si\u0119 w godzinach\u00a06:00 \u2013 23:00. Klient minimum\u00a0dzie\u0144 wcze\u015bniej otrzymuje wiadomo\u015b\u0107 sms\u00a0z dok\u0142adn\u0105 informacj\u0105 o przewidywanym czasie dostawy. Kierowca r\u00f3wnie\u017c\u00a0dzwoni\u00a0do klienta godzin\u0119 przed dostaw\u0105. Meble dostarczane s\u0105 w paczkach do samodzielnego monta\u017cu i s\u0105 one oryginalnie zapakowane przez producenta. Ze wzgl\u0119du na zdrowie naszych kierowc\u00f3w, nie maj\u0105 oni obowi\u0105zku ich wniesienia. W przypadku ch\u0119ci skorzystania z takiej us\u0142ugi, nale\u017cy ustali\u0107 szczeg\u00f3\u0142y bezpo\u015brednio z biurem lub w koszyku wybra\u0107 opcj\u0119 wniesienia\u00a0(Nie przy ka\u017cdym meblu jest ona dost\u0119pna).\u00a0Prosz\u0119 mie\u0107 na uwadze, \u017ce jest to us\u0142uga dodatkowo p\u0142atna. &nbsp; Zach\u0119camy do zakupu!\" \/>\n<meta property=\"og:url\" content=\"https:\/\/prmeble.com.pl\/?product=naroznik-madryt-u\" \/>\n<meta property=\"og:site_name\" content=\"PR MEBLE -tanie i dobre - polski producent - sklep meblowy\" \/>\n<meta property=\"article:publisher\" content=\"https:\/\/www.facebook.com\/PR-MEBLE-274934799714260\" \/>\n<meta property=\"article:modified_time\" content=\"2026-01-29T11:58:52+00:00\" \/>\n<meta property=\"og:image\" content=\"https:\/\/prmeble.com.pl\/wp-content\/uploads\/2023\/05\/WhatsApp-Image-2025-07-08-at-10.33.54.jpeg\" \/>\n\t<meta property=\"og:image:width\" content=\"1024\" \/>\n\t<meta property=\"og:image:height\" content=\"1024\" \/>\n\t<meta property=\"og:image:type\" content=\"image\/jpeg\" \/>\n<meta name=\"twitter:card\" content=\"summary_large_image\" \/>\n<meta name=\"twitter:label1\" content=\"Szacowany czas czytania\" \/>\n\t<meta name=\"twitter:data1\" content=\"4 minuty\" \/>\n<script type=\"application\/ld+json\" class=\"yoast-schema-graph\">{\"@context\":\"https:\\\/\\\/schema.org\",\"@graph\":[{\"@type\":\"WebPage\",\"@id\":\"https:\\\/\\\/prmeble.com.pl\\\/?product=naroznik-madryt-u\",\"url\":\"https:\\\/\\\/prmeble.com.pl\\\/?product=naroznik-madryt-u\",\"name\":\"Naro\u017cnik Madryt U - PR MEBLE -tanie i dobre - polski producent - sklep meblowy\",\"isPartOf\":{\"@id\":\"https:\\\/\\\/prmeble.com.pl\\\/#website\"},\"primaryImageOfPage\":{\"@id\":\"https:\\\/\\\/prmeble.com.pl\\\/?product=naroznik-madryt-u#primaryimage\"},\"image\":{\"@id\":\"https:\\\/\\\/prmeble.com.pl\\\/?product=naroznik-madryt-u#primaryimage\"},\"thumbnailUrl\":\"https:\\\/\\\/prmeble.com.pl\\\/wp-content\\\/uploads\\\/2023\\\/05\\\/WhatsApp-Image-2025-07-08-at-10.33.54.jpeg\",\"datePublished\":\"2023-05-30T11:45:44+00:00\",\"dateModified\":\"2026-01-29T11:58:52+00:00\",\"breadcrumb\":{\"@id\":\"https:\\\/\\\/prmeble.com.pl\\\/?product=naroznik-madryt-u#breadcrumb\"},\"inLanguage\":\"pl-PL\",\"potentialAction\":[{\"@type\":\"ReadAction\",\"target\":[\"https:\\\/\\\/prmeble.com.pl\\\/?product=naroznik-madryt-u\"]}]},{\"@type\":\"ImageObject\",\"inLanguage\":\"pl-PL\",\"@id\":\"https:\\\/\\\/prmeble.com.pl\\\/?product=naroznik-madryt-u#primaryimage\",\"url\":\"https:\\\/\\\/prmeble.com.pl\\\/wp-content\\\/uploads\\\/2023\\\/05\\\/WhatsApp-Image-2025-07-08-at-10.33.54.jpeg\",\"contentUrl\":\"https:\\\/\\\/prmeble.com.pl\\\/wp-content\\\/uploads\\\/2023\\\/05\\\/WhatsApp-Image-2025-07-08-at-10.33.54.jpeg\",\"width\":1024,\"height\":1024},{\"@type\":\"BreadcrumbList\",\"@id\":\"https:\\\/\\\/prmeble.com.pl\\\/?product=naroznik-madryt-u#breadcrumb\",\"itemListElement\":[{\"@type\":\"ListItem\",\"position\":1,\"name\":\"Strona g\u0142\u00f3wna\",\"item\":\"https:\\\/\\\/prmeble.com.pl\\\/\"},{\"@type\":\"ListItem\",\"position\":2,\"name\":\"Produkty\",\"item\":\"https:\\\/\\\/prmeble.com.pl\\\/?page_id=301\"},{\"@type\":\"ListItem\",\"position\":3,\"name\":\"Naro\u017cnik Madryt U\"}]},{\"@type\":\"WebSite\",\"@id\":\"https:\\\/\\\/prmeble.com.pl\\\/#website\",\"url\":\"https:\\\/\\\/prmeble.com.pl\\\/\",\"name\":\"Pr Meble\",\"description\":\"Tworzymy i sprzedajemy meble tapicerowane. W asortymencie mamy bardzo piekne i nowoczesne naro\u017cniki oraz modne kanapy.\",\"publisher\":{\"@id\":\"https:\\\/\\\/prmeble.com.pl\\\/#organization\"},\"potentialAction\":[{\"@type\":\"SearchAction\",\"target\":{\"@type\":\"EntryPoint\",\"urlTemplate\":\"https:\\\/\\\/prmeble.com.pl\\\/?s={search_term_string}\"},\"query-input\":{\"@type\":\"PropertyValueSpecification\",\"valueRequired\":true,\"valueName\":\"search_term_string\"}}],\"inLanguage\":\"pl-PL\"},{\"@type\":\"Organization\",\"@id\":\"https:\\\/\\\/prmeble.com.pl\\\/#organization\",\"name\":\"Prmeble\",\"url\":\"https:\\\/\\\/prmeble.com.pl\\\/\",\"logo\":{\"@type\":\"ImageObject\",\"inLanguage\":\"pl-PL\",\"@id\":\"https:\\\/\\\/prmeble.com.pl\\\/#\\\/schema\\\/logo\\\/image\\\/\",\"url\":\"https:\\\/\\\/prmeble.com.pl\\\/wp-content\\\/uploads\\\/2021\\\/10\\\/logo.jpg\",\"contentUrl\":\"https:\\\/\\\/prmeble.com.pl\\\/wp-content\\\/uploads\\\/2021\\\/10\\\/logo.jpg\",\"width\":550,\"height\":400,\"caption\":\"Prmeble\"},\"image\":{\"@id\":\"https:\\\/\\\/prmeble.com.pl\\\/#\\\/schema\\\/logo\\\/image\\\/\"},\"sameAs\":[\"https:\\\/\\\/www.facebook.com\\\/PR-MEBLE-274934799714260\"]}]}<\/script>\n<!-- \/ Yoast SEO plugin. -->","yoast_head_json":{"title":"Naro\u017cnik Madryt U - PR MEBLE -tanie i dobre - polski producent - sklep meblowy","robots":{"index":"index","follow":"follow","max-snippet":"max-snippet:-1","max-image-preview":"max-image-preview:large","max-video-preview":"max-video-preview:-1"},"canonical":"https:\/\/prmeble.com.pl\/?product=naroznik-madryt-u","og_locale":"pl_PL","og_type":"article","og_title":"Naro\u017cnik Madryt U - PR MEBLE -tanie i dobre - polski producent - sklep meblowy","og_description":"Naro\u017cnik z funkcj\u0105 spania MADRYT to nowoczesne, doskona\u0142e rozwi\u0105zanie dla wszystkich os\u00f3b, kt\u00f3rym zale\u017cy na tym, by ich salon by\u0142 miejscem komfortowo urz\u0105dzonym. \u017baden inny mebel nie jest nam bowiem w stanie zagwarantowa\u0107 tylu wygodnych miejsc odpoczynku dla ca\u0142ej rodziny. Co wi\u0119cej, meble tego rodzaju zazwyczaj prezentuj\u0105 si\u0119 bardzo efektownie stanowi\u0105c ciekawy akcent i prawdziw\u0105 ozdob\u0119 salonu. Nic wi\u0119c dziwnego, \u017ce s\u0105 coraz cz\u0119\u015bciej wybierane przez osoby, kt\u00f3rym zale\u017cy zar\u00f3wno na komforcie, jak i doskona\u0142ym, wysmakowanym wystroju mieszkania. Komfort na najwy\u017cszym poziomie Meblem, kt\u00f3ry jest w stanie spe\u0142ni\u0107 oczekiwania nawet najbardziej wymagaj\u0105cych klient\u00f3w jest z ca\u0142\u0105 pewno\u015bci\u0105 naro\u017cnik z funkcj\u0105 spania Madryt. To po\u0142\u0105czenie doskona\u0142ego wzornictwa z najwy\u017csz\u0105 jako\u015bci\u0105 materia\u0142\u00f3w. Na pierwszy rzut oka mebel ten wygl\u0105da bardzo przytulnie i zach\u0119ca do wypoczynku. Wszystko to dzi\u0119ki licznym mi\u0119kkim poduszkom, kt\u00f3re nie tylko doskonale wp\u0142ywaj\u0105 na komfort siedz\u0105cych na tej sofie os\u00f3b, ale r\u00f3wnie\u017c stanowi\u0105 prawdziw\u0105 dekoracj\u0119, kt\u00f3ra wyr\u00f3\u017cnia ten naro\u017cnik spo\u015br\u00f3d setek innych. Mebel ten jest bardzo przestronny. Z powodzeniem zmieszcz\u0105 si\u0119 na nim nawet pi\u0119\u0107 os\u00f3b i ka\u017cda z nich b\u0119dzie mog\u0142a zrelaksowa\u0107 si\u0119 w idealnych warunkach. Wp\u0142yw na to ma doskona\u0142a jako\u015b\u0107 materia\u0142\u00f3w, kt\u00f3re stanowi\u0105 wype\u0142nienie tego niezwyk\u0142ego naro\u017cnika. Wykonane jest bowiem z pianki wysokoelastycznej, kt\u00f3ra doskonale dopasowuje si\u0119 do kszta\u0142tu cia\u0142a a jednocze\u015bnie nie odkszta\u0142ca si\u0119. Dzi\u0119ki temu mebel nie tylko prezentuje si\u0119 znakomicie, ale r\u00f3wnie\u017c zapewnia odpowiednie podparcie dla cia\u0142a. To sprawia, \u017ce odpoczywaj\u0105ce na nim osoby nigdy nie skar\u017c\u0105 si\u0119 na b\u00f3l plec\u00f3w lub inne niewygody. Nie tylko w ci\u0105gu dnia Naro\u017cnik Madryt nie jest jednak jedynie wygodn\u0105 sof\u0105. To r\u00f3wnie\u017c przestronne \u0142\u00f3\u017cko, kt\u00f3re doskonale sprawdzi si\u0119 nie tylko w sytuacji przyjazdu go\u015bci. Z powodzeniem mo\u017ce nam bowiem s\u0142u\u017cy\u0107 codziennie zapewniaj\u0105c idealne, komfortowe warunki do snu. Mebel ten posiada a\u017c trzy skrzynie na po\u015bciel, dzi\u0119ki czemu przeistoczenie go na powr\u00f3t w dzienn\u0105 sof\u0119 jest szybkie, proste i komfortowe. &nbsp; Informacje: Szeroko\u015b\u0107:\u00a0 310cm G\u0142\u0119boko\u015b\u0107: 155cm Powierzchnia spania: 270x135cm &nbsp; Cechy: Funkcja spania, a\u017c 3 pojemniki na po\u015bciel, Solidna i trwa\u0142a konstrukcja Mebel wolnostoj\u0105cy \u2013 obity tkanin\u0105 z ty\u0142u, Poduszki w zestawie z meblem Eleganckie n\u00f3\u017cki Kszta\u0142t litery U Nowoczesna forma &nbsp; DODATKOWE INFORMACJE: meble s\u0105 fabrycznie nowe, zapakowane w oryginalne opakowanie meble dostarczamy\u00a0 w paczkach, do samodzielnego monta\u017cu w zestawie za\u0142\u0105czona instrukcja monta\u017cu i wszystkie niezb\u0119dne elementy &nbsp; Informacja o Dostawie: Dostawa mebli odbywa si\u0119 w godzinach\u00a06:00 \u2013 23:00. Klient minimum\u00a0dzie\u0144 wcze\u015bniej otrzymuje wiadomo\u015b\u0107 sms\u00a0z dok\u0142adn\u0105 informacj\u0105 o przewidywanym czasie dostawy. Kierowca r\u00f3wnie\u017c\u00a0dzwoni\u00a0do klienta godzin\u0119 przed dostaw\u0105. Meble dostarczane s\u0105 w paczkach do samodzielnego monta\u017cu i s\u0105 one oryginalnie zapakowane przez producenta. Ze wzgl\u0119du na zdrowie naszych kierowc\u00f3w, nie maj\u0105 oni obowi\u0105zku ich wniesienia. W przypadku ch\u0119ci skorzystania z takiej us\u0142ugi, nale\u017cy ustali\u0107 szczeg\u00f3\u0142y bezpo\u015brednio z biurem lub w koszyku wybra\u0107 opcj\u0119 wniesienia\u00a0(Nie przy ka\u017cdym meblu jest ona dost\u0119pna).\u00a0Prosz\u0119 mie\u0107 na uwadze, \u017ce jest to us\u0142uga dodatkowo p\u0142atna. &nbsp; Zach\u0119camy do zakupu!","og_url":"https:\/\/prmeble.com.pl\/?product=naroznik-madryt-u","og_site_name":"PR MEBLE -tanie i dobre - polski producent - sklep meblowy","article_publisher":"https:\/\/www.facebook.com\/PR-MEBLE-274934799714260","article_modified_time":"2026-01-29T11:58:52+00:00","og_image":[{"width":1024,"height":1024,"url":"https:\/\/prmeble.com.pl\/wp-content\/uploads\/2023\/05\/WhatsApp-Image-2025-07-08-at-10.33.54.jpeg","type":"image\/jpeg"}],"twitter_card":"summary_large_image","twitter_misc":{"Szacowany czas czytania":"4 minuty"},"schema":{"@context":"https:\/\/schema.org","@graph":[{"@type":"WebPage","@id":"https:\/\/prmeble.com.pl\/?product=naroznik-madryt-u","url":"https:\/\/prmeble.com.pl\/?product=naroznik-madryt-u","name":"Naro\u017cnik Madryt U - PR MEBLE -tanie i dobre - polski producent - sklep meblowy","isPartOf":{"@id":"https:\/\/prmeble.com.pl\/#website"},"primaryImageOfPage":{"@id":"https:\/\/prmeble.com.pl\/?product=naroznik-madryt-u#primaryimage"},"image":{"@id":"https:\/\/prmeble.com.pl\/?product=naroznik-madryt-u#primaryimage"},"thumbnailUrl":"https:\/\/prmeble.com.pl\/wp-content\/uploads\/2023\/05\/WhatsApp-Image-2025-07-08-at-10.33.54.jpeg","datePublished":"2023-05-30T11:45:44+00:00","dateModified":"2026-01-29T11:58:52+00:00","breadcrumb":{"@id":"https:\/\/prmeble.com.pl\/?product=naroznik-madryt-u#breadcrumb"},"inLanguage":"pl-PL","potentialAction":[{"@type":"ReadAction","target":["https:\/\/prmeble.com.pl\/?product=naroznik-madryt-u"]}]},{"@type":"ImageObject","inLanguage":"pl-PL","@id":"https:\/\/prmeble.com.pl\/?product=naroznik-madryt-u#primaryimage","url":"https:\/\/prmeble.com.pl\/wp-content\/uploads\/2023\/05\/WhatsApp-Image-2025-07-08-at-10.33.54.jpeg","contentUrl":"https:\/\/prmeble.com.pl\/wp-content\/uploads\/2023\/05\/WhatsApp-Image-2025-07-08-at-10.33.54.jpeg","width":1024,"height":1024},{"@type":"BreadcrumbList","@id":"https:\/\/prmeble.com.pl\/?product=naroznik-madryt-u#breadcrumb","itemListElement":[{"@type":"ListItem","position":1,"name":"Strona g\u0142\u00f3wna","item":"https:\/\/prmeble.com.pl\/"},{"@type":"ListItem","position":2,"name":"Produkty","item":"https:\/\/prmeble.com.pl\/?page_id=301"},{"@type":"ListItem","position":3,"name":"Naro\u017cnik Madryt U"}]},{"@type":"WebSite","@id":"https:\/\/prmeble.com.pl\/#website","url":"https:\/\/prmeble.com.pl\/","name":"Pr Meble","description":"Tworzymy i sprzedajemy meble tapicerowane. W asortymencie mamy bardzo piekne i nowoczesne naro\u017cniki oraz modne kanapy.","publisher":{"@id":"https:\/\/prmeble.com.pl\/#organization"},"potentialAction":[{"@type":"SearchAction","target":{"@type":"EntryPoint","urlTemplate":"https:\/\/prmeble.com.pl\/?s={search_term_string}"},"query-input":{"@type":"PropertyValueSpecification","valueRequired":true,"valueName":"search_term_string"}}],"inLanguage":"pl-PL"},{"@type":"Organization","@id":"https:\/\/prmeble.com.pl\/#organization","name":"Prmeble","url":"https:\/\/prmeble.com.pl\/","logo":{"@type":"ImageObject","inLanguage":"pl-PL","@id":"https:\/\/prmeble.com.pl\/#\/schema\/logo\/image\/","url":"https:\/\/prmeble.com.pl\/wp-content\/uploads\/2021\/10\/logo.jpg","contentUrl":"https:\/\/prmeble.com.pl\/wp-content\/uploads\/2021\/10\/logo.jpg","width":550,"height":400,"caption":"Prmeble"},"image":{"@id":"https:\/\/prmeble.com.pl\/#\/schema\/logo\/image\/"},"sameAs":["https:\/\/www.facebook.com\/PR-MEBLE-274934799714260"]}]}},"total_sales":"40","_tax_status":"taxable","_tax_class":"","_manage_stock":"no","_backorders":"no","_sold_individually":"no","_virtual":"no","_downloadable":"no","_download_limit":"-1","_download_expiry":"-1","_stock":"","_stock_status":"instock","_wc_average_rating":"0","_wc_review_count":"0","_product_attributes":{"sprezyna-bonell":{"name":"Spr\u0119\u017cyna bonell","value":"Tak | Nie","position":0,"is_visible":0,"is_variation":1,"is_taxonomy":0}},"_product_version":"10.4.3","_wpcom_is_markdown":"","_edit_lock":"1751965012:1","_edit_last":"1","_thumbnail_id":"12616","_sku":"","_wp_page_template":"default","_last_editor_used_jetpack":"","_elementor_template_type":"","_elementor_version":"","_elementor_data":"","_yoast_wpseo_estimated-reading-time-minutes":"4","_yoast_wpseo_metadesc":"","_wp_old_slug":"","_yoast_wpseo_primary_product_cat":"21","_oembed_7eca53afccebf1f861dae06bfb2dfa8a":"","_oembed_time_7eca53afccebf1f861dae06bfb2dfa8a":"","_yoast_wpseo_wordproof_timestamp":"","_wc_gla_visibility":"sync-and-show","_wc_gla_synced_at":"1767409238","_wc_gla_sync_status":"pending","_wc_gla_google_ids":{"PL":"online:pl:PL:gla_4574"},"fb_product_group_id":"9942775955740496","_wc_facebook_commerce_enabled":"no","_yoast_wpseo_content_score":"90","_yoast_wpseo_focuskw":"Naro\u017cnik madryt","_yoast_wpseo_linkdex":"68","_product_image_gallery":"4569,4570,4571,4572,4576,7024,3936","_crosssell_ids":"","shopengine_product_views_count":"17601","_yoast_wpseo_primary_fb_product_set":"","xfgmc_google_product_category":"","xfgmc_identifier_exists":"default","xfgmc_adult":"off","xfgmc_condition":"default","_xfgmc_is_bundle":"default","_xfgmc_return_rule_label":"","xfgmc_custom_label_0":"","xfgmc_custom_label_1":"","xfgmc_custom_label_2":"","xfgmc_custom_label_3":"","xfgmc_custom_label_4":"","_price":"1650","_eael_post_view_count":"16483","_regular_price":"","_wc_facebook_sync_enabled":"yes","fb_visibility":"yes","fb_product_description":"","_wc_facebook_product_image_source":"product","wpr_secondary_image_id":"0","fb_product_item_id":"","_sale_price":"","wp_statistics_words_count":"441","fb_rich_text_description":"","fb_product_video":[],"fb_brand":"","fb_mpn":"","_yoast_wpseo_primary_product_brand":"","_xmlsf_image_attached":{"loc":"https:\/\/prmeble.com.pl\/wp-content\/uploads\/2023\/05\/WhatsApp-Image-2025-07-08-at-10.33.54.jpeg","title":"WhatsApp Image 2025-07-08 at 10.33.54","caption":""},"_wc_gla_mc_status":"","_elementor_page_assets":[],"shopmagic_source_recipe":"","_wc_gla_errors":"","_weight":"","woo_inpost_shipping_methods_allowed":"","woo_inpost_parcel_dimensions":"","_wc_facebook_google_product_category":"","_yoast_wpseo_title":"","_xfgmc_fb_product_category":"","_xfgmc_tax_category":"","_xfgmc_multipack":"","_xfgmc_shipping_label":"","_xfgmc_unit_pricing_measure":"","_xfgmc_unit_pricing_base_measure":"","_xfgmc_store_code":"","_xfgmc_min_handling_time":"","_xfgmc_max_handling_time":"","_wcpa_product_meta":"","wcpa_exclude_global_forms":"","_upsell_ids":"","_wp_old_date":"","_umb_fruugo_simple_title":"","_umb_fruugo_simple_desc":"","_umb_fruggo_id_type":"","_umb_fruugo_standard_code_val":"","_umb_fruugo_brand":"","_umb_fruugo_vat":"","_umb_fruugo_discount_price":"","_ced_increase_price_fruugo":"","_umb_fruugo_category":"","_ced_fruugo_language_section":"","_ced_fruugo_attributeSize":"","_ced_fruugo_attributeColor":"","_ced_fruugo_currency":"","_ced_fruugo_leadTime":"","_ced_fruugo_packageWeight":"","_ced_fruugo_attribute1":"","_ced_fruugo_attribute2":"","_ced_fruugo_attribute3":"","_ced_fruugo_attribute4":"","_ced_fruugo_attribute5":"","_ced_fruugo_attribute6":"","_ced_fruugo_attribute7":"","_ced_fruugo_attribute8":"","_ced_fruugo_attribute9":"","_ced_fruugo_attribute10":"","_yoast_wpseo_primary_item":"","_wp_trash_meta_status":"","_wp_trash_meta_time":"","_wp_desired_post_slug":"","_links":{"self":[{"href":"https:\/\/prmeble.com.pl\/index.php?rest_route=\/wp\/v2\/product\/4566","targetHints":{"allow":["GET"]}}],"collection":[{"href":"https:\/\/prmeble.com.pl\/index.php?rest_route=\/wp\/v2\/product"}],"about":[{"href":"https:\/\/prmeble.com.pl\/index.php?rest_route=\/wp\/v2\/types\/product"}],"version-history":[{"count":1,"href":"https:\/\/prmeble.com.pl\/index.php?rest_route=\/wp\/v2\/product\/4566\/revisions"}],"predecessor-version":[{"id":12005,"href":"https:\/\/prmeble.com.pl\/index.php?rest_route=\/wp\/v2\/product\/4566\/revisions\/12005"}],"wp:featuredmedia":[{"embeddable":true,"href":"https:\/\/prmeble.com.pl\/index.php?rest_route=\/wp\/v2\/media\/12616"}],"wp:attachment":[{"href":"https:\/\/prmeble.com.pl\/index.php?rest_route=%2Fwp%2Fv2%2Fmedia&parent=4566"}],"wp:term":[{"taxonomy":"product_brand","embeddable":true,"href":"https:\/\/prmeble.com.pl\/index.php?rest_route=%2Fwp%2Fv2%2Fproduct_brand&post=4566"},{"taxonomy":"product_cat","embeddable":true,"href":"https:\/\/prmeble.com.pl\/index.php?rest_route=%2Fwp%2Fv2%2Fproduct_cat&post=4566"},{"taxonomy":"product_tag","embeddable":true,"href":"https:\/\/prmeble.com.pl\/index.php?rest_route=%2Fwp%2Fv2%2Fproduct_tag&post=4566"}],"curies":[{"name":"wp","href":"https:\/\/api.w.org\/{rel}","templated":true}]}}